{"id":619,"date":"2015-08-05T10:47:51","date_gmt":"2015-08-05T09:47:51","guid":{"rendered":"http:\/\/flv.projet-client.com\/?page_id=619"},"modified":"2019-07-17T13:53:28","modified_gmt":"2019-07-17T12:53:28","slug":"la-collection-les-grands-crus","status":"publish","type":"page","link":"https:\/\/www.flvuitton.com\/zh\/la-collection-les-grands-crus\/","title":{"rendered":"La Collection &#8211; Les grands crus"},"content":{"rendered":"<img loading=\"lazy\" decoding=\"async\" class=\"alignnone wp-image-1186 size-full\" src=\"\/wp-content\/uploads\/2014\/05\/ch-collection-collection.png\" alt=\"\" width=\"680\" height=\"125\" srcset=\"https:\/\/www.flvuitton.com\/wp-content\/uploads\/2014\/05\/ch-collection-collection.png 680w, https:\/\/www.flvuitton.com\/wp-content\/uploads\/2014\/05\/ch-collection-collection-300x55.png 300w, https:\/\/www.flvuitton.com\/wp-content\/uploads\/2014\/05\/ch-collection-collection-400x74.png 400w\" sizes=\"auto, (max-width: 680px) 100vw, 680px\" \/><\/p>\n<div class=\"pixcode-slider  pixslider  js-pixslider\" data-arrows data-autoheight data-slidertransition=\"move\">\n<div class=\"slide\">\n<h4>La cuv\u00e9e priv\u00e9e du Ch\u00e2teau L\u00e9oville-Poyferr\u00e9<br \/>\n\u4e50\u592b\u6ce2\u83f2\u9152\u5e84<\/h4>\n<p>\u57281855\u5e74\u7684\u9152\u5e84\u5217\u7ea7\u5236\u5ea6\u4e0b\u88ab\u5217\u4e3a\u4e8c\u7ea7\u9152\u5e84\uff0c\u6ce2\u83f2\u5e84\u56ed\u81ea1840\u5e74\u4ee5\u6765\u62e5\u6709\u6885\u591a\u514b\u4ea7\u533a\u6700\u5927\u7684\u8461\u8404\u56ed\u3002 \u6240\u4ea7\u8461\u8404\u9152\u4f18\u96c5\u3001\u590d\u6742\uff0c\u7ec6\u817b\u7684\u53e3\u611f\u5f88\u7b26\u5408\u5723\u6731\u5229\u5b89\u4ea7\u533a\u7684\u7279\u70b9\u3002<\/p>\n<p style=\"text-align: center;\">\u4e86\u89e3\u66f4\u591a:\u00a0<a href=\"http:\/\/www.flvuitton.com\/wp-content\/uploads\/2015\/08\/ft-flv-chateau-leoville-poyferre-2013-en.pdf\" target=\"_blank\">2013 <\/a>\/ <a href=\"http:\/\/www.flvuitton.com\/wp-content\/uploads\/2015\/08\/ft-flv-chateau-leoville-poyferre-2014-en.pdf\" target=\"_blank\">2014<\/a><\/p>\n<\/div>\n<div class=\"slide\">\n<h4>La cuv\u00e9e priv\u00e9e du Ch\u00e2teau Lascombes<br \/>\n\u529b\u58eb\u91d1\u9152\u5e84<\/h4>\n<p>\u5341\u4ee3\u4eba\u7684\u4f20\u627f\u9020\u5c31\u4e86\u529b\u58eb\u91d1\u9152\u5e84\u8461\u8404\u9152\u7684\u5353\u8d8a\u54c1\u8d28\u3002\u7ec6\u817b\u3001\u548c\u8c10\uff0c\u662f\u8be5\u4ea7\u533a\u4e2d\u7684\u4f7c\u4f7c\u8005\u3002<\/p>\n<p style=\"text-align: center;\">\u4e86\u89e3\u66f4\u591a: <a href=\"http:\/\/www.flvuitton.com\/wp-content\/uploads\/2015\/08\/ft-flv-chateau-lascombes-2010-en.pdf\" target=\"_blank\">2010<\/a>\/ <a href=\"http:\/\/www.flvuitton.com\/wp-content\/uploads\/2015\/08\/ft-flv-chateau-lascombes-2012-en.pdf\" target=\"_blank\">2012<\/a>\u00a0\/ <a href=\"http:\/\/www.flvuitton.com\/wp-content\/uploads\/2015\/08\/ft-flv-chateau-lascombes-2014-en.pdf\" target=\"_blank\">2014<\/a><\/p>\n<p>\u00a0<\/p>\n<\/div>\n<div class=\"slide\">\n<h4>La cuv\u00e9e priv\u00e9e du Ch\u00e2teau Malartic-Lagravi\u00e8re<br \/>\n\u9a6c\u62c9\u5e1d\u9152\u5e84<\/h4>\n<p>\u7ea2\u767d\u8461\u8404\u9152\u540c\u65f6\u5217\u7ea7\u76846\u5ea7\u6ce2\u5c14\u591a\u9152\u5e84\u4e4b\u4e00\uff0c\u5b8c\u7f8e\u8be0\u91ca\u4e86\u8fd9\u4e2a\u975e\u51e1\u4ea7\u533a\u503c\u5f97\u53d7\u5230\u7684\u7ec6\u5fc3\u52b3\u4f5c\u3002\u8fd9\u6b3e\u8461\u8404\u9152\u5728\u5f3a\u52b2\u548c\u67d4\u7f8e\u4e4b\u95f4\u7684\u5e73\u8861\u5f97\u5230\u4e86\u4e16\u754c\u8461\u8404\u9152\u7231\u597d\u8005\u7684\u9752\u7750\u3002<\/p>\n<p style=\"text-align: center;\">Pessac-L\u00e9ognan Red:\u00a0<a href=\"http:\/\/www.flvuitton.com\/wp-content\/uploads\/2015\/08\/ft-flv-chateau-malartic-lagraviere-2009-en.pdf\" target=\"_blank\">2009<\/a> \/ <a href=\"http:\/\/www.flvuitton.com\/wp-content\/uploads\/2015\/08\/ft-flv-chateau-malartic-lagraviere-2010-en.pdf\">2010<\/a>\u00a0\/ <a href=\"http:\/\/www.flvuitton.com\/wp-content\/uploads\/2015\/08\/ft-flv-chateau-malartic-lagraviere-2013-en.pdf\" target=\"_blank\">2013<\/a> \/ <a href=\"http:\/\/www.flvuitton.com\/wp-content\/uploads\/2015\/08\/ft-flv-chateau-malartic-lagraviere-2014-en.pdf\" target=\"_blank\">2014<\/a>\u00a0\/\u00a0<a href=\"http:\/\/www.flvuitton.com\/wp-content\/uploads\/2015\/08\/ft-flv-chateau-malartic-lagraviere-2015-en.pdf\">2015<\/a>\u00a0&#8211; Pessac-L\u00e9ognan White: <a href=\"http:\/\/www.flvuitton.com\/wp-content\/uploads\/2015\/08\/ft-flv-chateau-malartic-lagraviere-blanc-2015-en1.pdf\" target=\"_blank\">2015<\/a><\/p>\n<\/div>\n<div class=\"slide\">\n<h4>La cuv\u00e9e priv\u00e9e du Ch\u00e2teau La Gaffeli\u00e8re<br \/>\n\u5609\u8299\u4e3d\u9152\u5e84<\/h4>\n<p>\u7a7f\u8d8a\u4e16\u7eaa\u7684\u76db\u540d\u9152\u5e84\uff0c\u624e\u6839\u5728\u5723\u827e\u7f8e\u9686\u4ea7\u533a\u5df24\u4e2a\u4e16\u7eaa\uff0c\u4e45\u8fdc\u7684\u5386\u53f2\u5c31\u662f\u5b83\u7684\u738b\u724c\u3002\u65e0\u5fae\u4e0d\u81f3\u7684\u8461\u8404\u56ed\u5475\u62a4\u8d4b\u4e88\u8461\u8404\u9152\u539f\u6c41\u539f\u5473\u7684\u4ea7\u533a\u7279\u8272\u3002<\/p>\n<p style=\"text-align: center;\">\u4e86\u89e3\u66f4\u591a:\u00a0<a href=\"http:\/\/www.flvuitton.com\/wp-content\/uploads\/2015\/08\/ft-chateau-la-gaffeliere-2009-collection-personnelle-flv-en1.pdf\" target=\"_blank\">2009<\/a>\u00a0\/\u00a0<a href=\"http:\/\/www.flvuitton.com\/wp-content\/uploads\/2015\/08\/ft-chateau-la-gaffeliere-2012-collection-personnelle-flv-en1.pdf\" target=\"_blank\">2012<\/a>\u00a0\/\u00a0<a href=\"http:\/\/www.flvuitton.com\/wp-content\/uploads\/2015\/08\/ft-flv-chateau-la-gaffeliere-2014-en.pdf\" target=\"_blank\">2014<\/a><\/p>\n<\/div>\n<div class=\"slide\">\n<h4>La cuv\u00e9e priv\u00e9e du Ch\u00e2teau\u00a0Beauregard<br \/>\n\u6ce2\u82e5\u5361\u9152\u5e84<\/h4>\n<p>\u6ce2\u82e5\u5361\u9152\u5e84\u79c9\u627f\u767e\u5e74\u5386\u53f2\u5e76\u5f97\u4ee5\u91cd\u751f,\u81f4\u529b\u6253\u9020\u51fa\u4e00\u6b3e\u6ce2\u7f8e\u5019\u4f73\u917f\u3002\u9152\u5e84\u81ea12\u4e16\u7eaa\u8d77\u5c31\u4f4d\u4e8e\u6ce2\u5c14\u591a\u9762\u79ef\u6700\u5c0f\u4f46\u77e5\u540d\u5ea6\u5f88\u9ad8\u7684\u6ce2\u7f8e\u5019\u4ea7\u533a\u7684\u4e2d\u5fc3\uff0c\u5f97\u76ca\u4e8e\u5e1d\u738b\u822c\u4ea7\u533a, \u53ca\u5176\u975e\u540c\u4e00\u822c\u5730\u4f18\u96c5\u53ca\u6e05\u65b0\u7684\u8461\u8404\u9152, \u6ce2\u82e5\u5361\u9152\u5e84\u8d8a\u6765\u8d8a\u4e3a\u4eba\u6240\u77e5\u3002<\/p>\n<p style=\"text-align: center;\"><a href=\"http:\/\/www.flvuitton.com\/wp-content\/uploads\/2015\/08\/ft-flv-chateau-beauregard-2015-en.pdf\" target=\"_blank\">\u4e86\u89e3\u66f4\u591a<\/a><\/p>\n<\/div>\n<div class=\"slide\">\n<h4>La cuv\u00e9e priv\u00e9e du Ch\u00e2teau\u00a0Dauzac<br \/>\n\u675c\u4ed9\u9152\u5e84<\/h4>\n<p>\u4f5c\u4e3a1855\u5e74\u5217\u7ea7\u7684\u540d\u5e84, \u675c\u4ed9\u9152\u5e84\u51e0\u4e16\u7eaa\u4ee5\u6765\u79c9\u627f\u4f20\u7edf, \u53d1\u6325\u8461\u8404\u56ed\u751f\u7269\u591a\u6837\u6027\u7684\u4f18\u52bf, \u5c55\u73b0\u4e86\u5e84\u56ed\u5353\u8d8a\u7684\u98ce\u571f\u7cbe\u534e,\u5c06\u522b\u81f4\u7684\u98ce\u571f\u4f53\u73b0\u5728\u675c\u4ed9\u9152\u5e84\u4f73\u917f\u4e2d\u3002<\/p>\n<p style=\"text-align: center;\"><a href=\"http:\/\/www.flvuitton.com\/wp-content\/uploads\/2015\/08\/flv-chateau-dauzac-2015-en.pdf\">\u4e86\u89e3\u66f4\u591a<\/a><\/p>\n<\/div>\n<div class=\"slide\">\n<h4>La cuv\u00e9e priv\u00e9e du Ch\u00e2teau\u00a0Faug\u00e8res<br \/>\n\u7684\u79c1\u5bb6\u7a96\u85cf<\/h4>\n<p>\u7684\u79c1\u5bb6\u7a96\u85cf\u7684\u5386\u53f2\u6e90\u4e8e\u9152\u5e84\u5e84\u4e3bSilvio Denz\u5bf9\u8461\u8404\u9152\u548c\u5efa\u7b51\u827a\u672f\u7684\u949f\u7231, \u4ee5\u53ca\u5bf9\u8461\u8404\u9152\u54c1\u8d28\u7684\u4e0d\u61c8\u8ffd\u6c42\u3002\u9152\u5e84\u9152\u7a96, \u540d\u526f\u5176\u5b9e\u7684\u8461\u8404\u9152\u5927\u6559\u5802, \u9e1f\u77b0\u6574\u4e2a\u8461\u8404\u56ed, \u6210\u4e3a\u5723\u827e\u7f8e\u9686Saint Emilion\u4e00\u9053\u4eae\u4e3d\u7684\u98ce\u666f\u7ebf\u3002<\/p>\n<p style=\"text-align: center;\"><a href=\"http:\/\/www.flvuitton.com\/wp-content\/uploads\/2015\/08\/ft-flv-chateau-faugeres-2014-en.pdf\" target=\"_blank\">\u4e86\u89e3\u66f4\u591a<\/a><\/p>\n<\/div>\n<div class=\"slide\">\n<h4>La cuv\u00e9e priv\u00e9e du Ch\u00e2teau\u00a0Cadet-Bon<br \/>\n\u5609\u5fb7\u5821\u5e84\u56ed<\/h4>\n<p>\u5609\u5fb7\u5821\u5e84\u56ed \u7684\u8461\u8404\u56ed\u5730\u5904\u5723-\u7231\u7f8e\u4f26 \u9547\u5165\u53e3, \u540d\u4e3aCadet\u5c0f\u5c71\u5c97\u7684\u5357\u5761\u4e0a, \u5e84\u56ed\u62e5\u6709\u4e00\u7247\u72ec\u7279\u7684\u98ce\u571f\u3002\u81ea14\u4e16\u7eaa\u4f20\u4e58\u7684\u72ec\u4e00\u65e0\u4e8c\u7684\u5353\u8d8a\u7684\u6280\u80fd\uff0c\u4f7f\u8fd9\u6b3e\u53e3\u611f\u4e30\u5bcc\uff0c\u72ec\u7279\u7684\u5723-\u7231\u7f8e\u4f26\u8dfb\u8eab\u4e8e\u5217\u7ea7\u9152\u5e84\u7684\u884c\u5217\u3002<\/p>\n<p style=\"text-align: center;\"><a href=\"http:\/\/www.flvuitton.com\/wp-content\/uploads\/2015\/08\/ft-chateau-cadet-bon-2014-collection-personnelle-flv-en.pdf\" target=\"_blank\">\u4e86\u89e3\u66f4\u591a<\/a><\/p>\n<\/div>\n<div class=\"slide\">\n<h4>La cuv\u00e9e priv\u00e9e du Ch\u00e2teau\u00a0Lafaurie-Peyraguey<br \/>\n\u62c9\u4f5b\u745e-\u4f69\u62c9\u9152\u5e84<\/h4>\n<p>\u62c9\u4f5b\u745e-\u4f69\u62c9\u9152\u5e84\u7684\u5386\u53f2\u548c\u58f0\u8a89\u4e0e\u82cf\u73b3\u4ea7\u533a\u53ca1855\u5e74\u7684\u5206\u7ea7\u5236\u5ea6\u606f\u606f\u76f8\u5173\u3002<br \/>\n\u9152\u5e84\u7684\u57ce\u5821\u5efa\u7b51\u548c\u6863\u6848\u8bb0\u8f7d\u90fd\u89c1\u8bc1\u4e86\u62c9\u4f5b\u745e-\u4f69\u62c9\u9152\u5e84\u516b\u4e2a\u4e16\u7eaa\u7684\u4e30\u5bcc\u5386\u53f2\u3002<\/p>\n<p style=\"text-align: center;\"><a href=\"http:\/\/www.flvuitton.com\/wp-content\/uploads\/2015\/08\/ft-flv-chateau-lafaurie-peyraguey-2010-en1.pdf\" target=\"_blank\">\u4e86\u89e3\u66f4\u591a<\/a><\/p>\n<\/div>\n<\/div>","protected":false},"excerpt":{"rendered":"","protected":false},"author":2,"featured_media":0,"parent":0,"menu_order":0,"comment_status":"closed","ping_status":"closed","template":"page-templates\/slideshow.php","meta":{"footnotes":""},"class_list":["post-619","page","type-page","status-publish","hentry"],"_links":{"self":[{"href":"https:\/\/www.flvuitton.com\/zh\/wp-json\/wp\/v2\/pages\/619","targetHints":{"allow":["GET"]}}],"collection":[{"href":"https:\/\/www.flvuitton.com\/zh\/wp-json\/wp\/v2\/pages"}],"about":[{"href":"https:\/\/www.flvuitton.com\/zh\/wp-json\/wp\/v2\/types\/page"}],"author":[{"embeddable":true,"href":"https:\/\/www.flvuitton.com\/zh\/wp-json\/wp\/v2\/users\/2"}],"replies":[{"embeddable":true,"href":"https:\/\/www.flvuitton.com\/zh\/wp-json\/wp\/v2\/comments?post=619"}],"version-history":[{"count":200,"href":"https:\/\/www.flvuitton.com\/zh\/wp-json\/wp\/v2\/pages\/619\/revisions"}],"predecessor-version":[{"id":1956,"href":"https:\/\/www.flvuitton.com\/zh\/wp-json\/wp\/v2\/pages\/619\/revisions\/1956"}],"wp:attachment":[{"href":"https:\/\/www.flvuitton.com\/zh\/wp-json\/wp\/v2\/media?parent=619"}],"curies":[{"name":"wp","href":"https:\/\/api.w.org\/{rel}","templated":true}]}}